{"id":11,"date":"2016-03-21T11:20:15","date_gmt":"2016-03-21T11:20:15","guid":{"rendered":"http:\/\/selbstbehauptung-rhein-main.de\/?page_id=11"},"modified":"2023-06-19T08:52:07","modified_gmt":"2023-06-19T08:52:07","slug":"presse","status":"publish","type":"page","link":"http:\/\/selbstbehauptung-rhein-main.de\/?page_id=11","title":{"rendered":"Presse"},"content":{"rendered":"<h2>Selbstverteidigung<\/h2>\n<hr \/>\n<p><i class=\"fa fa-newspaper-o\"><\/i> <a href=\"http:\/\/www.allgemeine-zeitung.de\/lokales\/ingelheim\/ingelheim\/das-handy-als-waffe-benutzen_17000637.htm\" target=\"_blank\" rel=\"noopener noreferrer\"><strong><em>Das Handy als Waffe benutzen<\/em><\/strong><\/a><\/p>\n<p>Selbstverteidigungkurs f\u00fcr Frauen<\/p>\n<p>Allgemeine Zeitung Ingelheim, 18. Juni 2016<\/p>\n<p>Zu den <i class=\"fa fa-share-square\"><\/i> <a href=\"http:\/\/selbstbehauptung-rhein-main.de\/?page_id=45\" target=\"_blank\" rel=\"noopener noreferrer\"><em><strong>Selbstverteidigungskursen f\u00fcr Frauen<\/strong><\/em><\/a><\/p>\n<hr \/>\n<h2><\/h2>\n<h2>Selbstbehauptung<\/h2>\n<hr \/>\n<p><i class=\"fa fa-newspaper-o\"><\/i><em><strong>\u00a0<a href=\"https:\/\/www.op-online.de\/region\/dreieich\/selbstbehauptungskurs-fuer-kita-kinder-in-dreieich-92266117.html?itm_source=story_detail&amp;itm_medium=interaction_bar&amp;itm_campaign=share\" target=\"_blank\" rel=\"noopener\">Das richtige tun in brenzligen Situationen<\/a><\/strong><\/em><\/p>\n<p>op-online, 10. Mai 2023<\/p>\n<hr \/>\n<p><i class=\"fa fa-newspaper-o\"><\/i><em><strong>\u00a0<a href=\"https:\/\/sgbo.de\/2022\/09\/20\/selbstbehauptungskurse-voller-erfolg\/\" target=\"_blank\" rel=\"noopener\">Selbstbehauptungskurse waren ein voller Erfolg<\/a><\/strong><\/em><\/p>\n<p>SGBO, 20. September 2022<\/p>\n<hr \/>\n<p><i class=\"fa fa-newspaper-o\"><\/i><em><strong>\u00a0<a href=\"http:\/\/selbstbehauptung-rhein-main.de\/wp-content\/uploads\/2022\/06\/artikelAZ.jpg\" target=\"_blank\" rel=\"noopener\">Selbstbehauptungskurs in der Ingelheimer Kita Schatzkiste<\/a><\/strong><\/em><\/p>\n<p>Allgemeine Zeitung Ingelheim, 17. Mai 2022<\/p>\n<hr \/>\n<p><i class=\"fa fa-newspaper-o\"><\/i><em><strong>\u00a0<a href=\"http:\/\/selbstbehauptung-rhein-main.de\/wp-content\/uploads\/2022\/06\/artikelAZ160720-scaled.jpg\" target=\"_blank\" rel=\"noopener\">Die Kinder stark machen<\/a><\/strong><\/em><\/p>\n<p>Allgemeine Zeitung, 16. Juli 2020<\/p>\n<hr \/>\n<p><i class=\"fa fa-newspaper-o\"><\/i><a href=\"https:\/\/www.allgemeine-zeitung.de\/lokales\/ingelheim\/ingelheim\/selbstbehauptungskurs-in-der-ingelheimer-kita-schatzkiste_20239369\" target=\"_blank\" rel=\"noopener noreferrer\"><em><strong>\u00a0Selbstbehauptungskurs in der Ingelheimer Kita Schatzkiste<\/strong><\/em><\/a><\/p>\n<p>Allgemeine Zeitung Ingelheim, 26. Juni 2019<\/p>\n<hr \/>\n<p><i class=\"fa fa-newspaper-o\"><\/i><a href=\"http:\/\/selbstbehauptung-rhein-main.de\/wp-content\/uploads\/2019\/06\/Selbstbehauptungskurs_Nierstein.pdf\"><em><strong><em><strong>\u00a0Selbstbehauptung in drei Tagen<\/strong><\/em><\/strong><\/em><\/a><\/p>\n<p>Allgemeine Zeitung Nierstein, 29. Mai 2019<\/p>\n<hr \/>\n<p><i class=\"fa fa-newspaper-o\"><\/i> <em><strong><a href=\"http:\/\/www.allgemeine-zeitung.de\/lokales\/bingen\/vg-gau-algesheim\/gau-algesheim\/mobbing-hinterlaesst-narben_18491435.htm\" target=\"_blank\" rel=\"noopener noreferrer\">Mobbing hinterl\u00e4sst Narben<\/a><\/strong><\/em><\/p>\n<p>Allgemeine Zeitung Gau-Algesheim, 31. Januar 2018<\/p>\n<hr \/>\n<p><i class=\"fa fa-newspaper-o\"><\/i><em><strong><a href=\"http:\/\/www.allgemeine-zeitung.de\/lokales\/oppenheim\/oppenheim\/alle-siebten-klassen-der-oppenheimer-igs-bei-projekt-zur-gewaltpraevention-mit-dabei_17935797.htm\">\u00a0Alle siebten Klassen der Oppenheimer IGS bei Projekt zur Gewaltpr\u00e4vention mit dabei<\/a><\/strong><\/em><\/p>\n<p>Allgemeine Zeitung Oppenheim, 02.\u00a0Juni 2017<\/p>\n<hr \/>\n<p><i class=\"fa fa-newspaper-o\"><\/i><em><strong><a href=\"http:\/\/www.allgemeine-zeitung.de\/lokales\/bingen\/vg-gau-algesheim\/gau-algesheim\/anti-aggressionstrainer-fuehrt-projekt-mit-klassen-der-christian-erbach-realschule-plus-in-gau-algesheim-fort_17764534.htm\"> Anti-Aggressionstrainer f\u00fchrt Projekt mit Klassen der Christian-Erbach-Realschule plus in Gau-Algesheim fort <\/a><\/strong><\/em><\/p>\n<p>Allgemeine Zeitung Gau-Algesheim, 21.\u00a0M\u00e4rz 2017<\/p>\n<hr \/>\n<p><i class=\"fa fa-newspaper-o\"><\/i><em><strong><a href=\"http:\/\/www.allgemeine-zeitung.de\/lokales\/ingelheim\/ingelheim\/selbstbehauptungskurse-im-ingelheimer-muetze-machen-maedchen-stark-gegen-angriffe_17546796.htm\"> Selbstbehauptungskurse im Ingelheimer \u201eM\u00fctZE\u201c machen M\u00e4dchen stark gegen Angriffe<\/a><\/strong><\/em><\/p>\n<p>Allgemeine Zeitung Ingelheim, 17.\u00a0Dezember 2016<\/p>\n<hr \/>\n<p><i class=\"fa fa-newspaper-o\"><\/i> <em><strong><a href=\"http:\/\/selbstbehauptung-rhein-main.de\/wp-content\/uploads\/2016\/03\/01-07-2016-2.pdf\"> Kleine L\u00f6wen und Superm\u00e4nner<\/a><\/strong><\/em> (PDF)<\/p>\n<p>Allgemeine Zeitung Ingelheim, 01. Juli 2016<\/p>\n<hr \/>\n<p><i class=\"fa fa-newspaper-o\"><\/i> <em><strong><a href=\"https:\/\/secure.wittich.de:443\/nc\/produkte\/online-lesen\/ihr-mitteilungsblatt\/detailartikel\/titel\/187\/artikel\/118914845313\/ausgabe\/16-25\/ergebnis\/1\/\" target=\"_blank\" rel=\"noopener noreferrer\">Vorschulkinder lernen sich zu behaupten<\/a><\/strong><\/em><\/p>\n<p>Ingelheimer Kurier, Ausgabe 25\/2016<\/p>\n<hr \/>\n<p><i class=\"fa fa-newspaper-o\"><\/i> <strong><a href=\"http:\/\/selbstbehauptung-rhein-main.de\/wp-content\/uploads\/2016\/03\/starkeLOEWINundSCHWACHEmaus.pdf\" target=\"_blank\" rel=\"noopener noreferrer\"><em>Starke L\u00f6win und schwache Maus<\/em><\/a><\/strong><\/p>\n<p>Kommisar Holger Meier vermittelt Selztalsch\u00fclern Strategien zur Streitbew\u00e4ltigung (PDF)<\/p>\n<p>Allgemeine Zeitung, Kreis Mainz-Bingen, 17. M\u00e4rz 2016<\/p>\n<hr \/>\n<p><i class=\"fa fa-newspaper-o\"><\/i> <strong><em><a href=\"http:\/\/selbstbehauptung-rhein-main.de\/wp-content\/uploads\/2016\/03\/starkeMAEDELSstarkeJUNGS.pdf\" target=\"_blank\" rel=\"noopener noreferrer\">Starke M\u00e4dels, starke Jungs<\/a> <\/em><\/strong>(PDF)<\/p>\n<p>Allgemeine Zeitung, Ingelheim, 21. Dezember 2015<\/p>\n<hr \/>\n<p><i class=\"fa fa-newspaper-o\"><\/i> <a href=\"http:\/\/selbstbehauptung-rhein-main.de\/wp-content\/uploads\/2016\/03\/jungsUNDMAEDELStickenVERSCHIEDEN.pdf\" target=\"_blank\" rel=\"noopener noreferrer\"><em><strong>Jungs und M\u00e4dels ticken verschieden<\/strong><\/em><\/a> (PDF)<\/p>\n<p>Allgemeine Zeitung, Ingelheim, 01. Dezember 2015<\/p>\n<hr \/>\n<p><i class=\"fa fa-newspaper-o\"><\/i> <strong><em><a href=\"http:\/\/selbstbehauptung-rhein-main.de\/wp-content\/uploads\/2016\/03\/badKREUZNACHERanwaltskanzleiMEETSjudo.pdf\" target=\"_blank\" rel=\"noopener noreferrer\">Bad Kreuznacher Anwaltskanzlei meets Judo<\/a><\/em><\/strong> (PDF)<\/p>\n<p>Ingelheimer Kurier, Ausgabe 17\/2015<\/p>\n<hr \/>\n<p><i class=\"fa fa-newspaper-o\"><\/i> <strong><a href=\"http:\/\/selbstbehauptung-rhein-main.de\/wp-content\/uploads\/2016\/03\/selbstbehauptungskursFUERzukuenftigeSCHULKINDER.pdf\" target=\"_blank\" rel=\"noopener noreferrer\"><em>Selbstbehauptungskurs f\u00fcr zuk\u00fcnftige Schulkinder<\/em><\/a><\/strong> (PDF)<\/p>\n<p>Ingelheimer Kurier, Ausgabe 18\/2015<\/p>\n<hr \/>\n<p><i class=\"fa fa-newspaper-o\"><\/i> <strong><a href=\"http:\/\/selbstbehauptung-rhein-main.de\/wp-content\/uploads\/2016\/03\/GeheimnisseDESjudosports.pdf\" target=\"_blank\" rel=\"noopener noreferrer\"><em>Geheimnisse des Judo-Sports<\/em><\/a><\/strong> (PDF)<\/p>\n<p>Allgemeine Zeitung, Ingelheim, 25. April 2015<\/p>\n<hr \/>\n<p><i class=\"fa fa-newspaper-o\"><\/i> <strong><a href=\"http:\/\/selbstbehauptung-rhein-main.de\/wp-content\/uploads\/2016\/03\/bisHIERHERundNICHTweiter.pdf\" target=\"_blank\" rel=\"noopener noreferrer\"><em>Bis hierher und nicht weiter<\/em><\/a><\/strong><\/p>\n<p>Pilotprojekt verleiht Sechs- bis Zw\u00f6lfj\u00e4hrigen das R\u00fcstzeug zur Selbstbehauptung (PDF)<\/p>\n<p>Allgemeine Zeitung, Ingelheim, 26. Juni 2015<\/p>\n<hr \/>\n<p><i class=\"fa fa-newspaper-o\"><\/i> <strong><a href=\"http:\/\/selbstbehauptung-rhein-main.de\/wp-content\/uploads\/2016\/03\/SelbstbehauptungFUERkitakinder.pdf\" target=\"_blank\" rel=\"noopener noreferrer\"><em>Selbstbehauptung f\u00fcr Kitakinder<\/em><\/a><\/strong> (PDF)<\/p>\n<p>Ingelheimer Kurier, Ausgabe 8\/2014<\/p>\n<hr \/>\n<p><i class=\"fa fa-newspaper-o\"><\/i> <strong><em><a href=\"http:\/\/selbstbehauptung-rhein-main.de\/wp-content\/uploads\/2016\/03\/kriminalhauptkomissarINkita.pdf\" target=\"_blank\" rel=\"noopener noreferrer\">Kriminalhauptkommissar in Kita<\/a><\/em><\/strong> (PDF)<\/p>\n<p>Allgemeine Zeitung, Ingelheim, 15. Februar 2014<\/p>\n<hr \/>\n<p><i class=\"fa fa-newspaper-o\"><\/i> <strong><em><a href=\"http:\/\/selbstbehauptung-rhein-main.de\/wp-content\/uploads\/2016\/03\/rundgefragtSH1.pdf\" target=\"_blank\" rel=\"noopener noreferrer\">rundgefragt<\/a><\/em><\/strong> Teil 1 (PDF), <strong><em><a href=\"http:\/\/selbstbehauptung-rhein-main.de\/wp-content\/uploads\/2016\/03\/rundgefragtSH2.pdf\" target=\"_blank\" rel=\"noopener noreferrer\">rundgefragt<\/a><\/em><\/strong> Teil 2 (PDF)<\/p>\n<p>Neue Ingelheimer Zeitung, 25. Januar 2014<\/p>\n<hr \/>\n<h2>Judo<\/h2>\n<hr \/>\n<h2><\/h2>\n<p><i class=\"fa fa-newspaper-o\"><\/i> <strong><a href=\"http:\/\/selbstbehauptung-rhein-main.de\/wp-content\/uploads\/2016\/04\/spektakul\u00e4reWURFTECHNIKEN.pdf\" target=\"_blank\" rel=\"noopener noreferrer\"><em>Spektakul\u00e4re Wurftechniken<\/em><\/a><\/strong> (PDF)<\/p>\n<p>Allgemeine Zeitung Ingelheim, 24.September 2015<\/p>\n<hr \/>\n<p><i class=\"fa fa-newspaper-o\"><\/i> <strong><em><a href=\"http:\/\/selbstbehauptung-rhein-main.de\/wp-content\/uploads\/2016\/04\/f\u00fcrSANFTENwegBEGEISTERN.pdf\" target=\"_blank\" rel=\"noopener noreferrer\">F\u00fcr den sanften Weg begeistern<\/a><\/em> <\/strong>(PDF)<\/p>\n<p>Allgemeine Zeitung Ingelheim, 18. September 2015<\/p>\n<hr \/>\n<p><i class=\"fa fa-newspaper-o\"><\/i> <strong><em><a href=\"http:\/\/selbstbehauptung-rhein-main.de\/wp-content\/uploads\/2016\/04\/wirHABENrundgefragt1.pdf\" target=\"_blank\" rel=\"noopener noreferrer\">rundgefragt<\/a><\/em><\/strong> Teil 1 (PDF), <i class=\"fa fa-newspaper-o\"><\/i> <strong><em><a href=\"http:\/\/selbstbehauptung-rhein-main.de\/wp-content\/uploads\/2016\/04\/rundgefragt2.pdf\" target=\"_blank\" rel=\"noopener noreferrer\">rundgefragt<\/a><\/em><\/strong> Teil 2 (PDF)<\/p>\n<p>Neue Ingelheimer Zeitung, 01. Februar 2014<\/p>\n<hr \/>\n<h2>Hospiz macht Schule<\/h2>\n<hr \/>\n<p><i class=\"fa fa-newspaper-o\"><\/i> <strong><a href=\"http:\/\/www.allgemeine-zeitung.de\/lokales\/ingelheim\/ingelheim\/schwieriges-thema-ins-klassenzimmer-bringen_17434309.htm\" target=\"_blank\" rel=\"noopener noreferrer\"><em><strong><span style=\"text-decoration: underline;\">Schwieriges Thema ins Klassenzimmer bringen<\/span><\/strong><\/em><\/a><\/strong><\/p>\n<p>Allgemeine Zeitung Ingelheim, 31. Oktober 2016<\/p>\n<hr \/>\n<p><i class=\"fa fa-newspaper-o\"><\/i> <strong><a href=\"http:\/\/selbstbehauptung-rhein-main.de\/wp-content\/uploads\/2016\/04\/BegleitungAMendeDESlebens.pdf\" target=\"_blank\" rel=\"noopener noreferrer\"><em>Begleitung am Ende des Lebens<\/em><\/a><\/strong> (PDF)<\/p>\n<p>Allgemeine Zeitung Ingelheim, 21. November 2015<\/p>\n<hr \/>\n<p><i class=\"fa fa-newspaper-o\"><\/i> <a href=\"http:\/\/www.allgemeine-zeitung.de\/lokales\/bingen\/vg-gau-algesheim\/gau-algesheim\/hospiz-macht-schule-projekt-mit-grundschuelern-in-gau-algesheim_15105642.htm\"><em><strong>Hospiz macht Schule: Projekt mit Grundsch\u00fclern in Gau-Algesheim<\/strong><\/em> <\/a><\/p>\n<p>Allgemeine Zeitung, 16. M\u00e4rz 2015<\/p>\n<hr \/>\n<p><i class=\"fa fa-newspaper-o\"><\/i> <strong><a href=\"http:\/\/selbstbehauptung-rhein-main.de\/wp-content\/uploads\/2016\/04\/kunstDEStroestens.pdf\" target=\"_blank\" rel=\"noopener noreferrer\"><em>Die Kunst des Tr\u00f6stens<\/em><\/a><\/strong> (PDF)<\/p>\n<p>Allgemeine Zeitung Ingelheim, 18. Oktober 2014<\/p>\n<hr \/>\n<p><i class=\"fa fa-newspaper-o\"><\/i> <strong><a href=\"http:\/\/selbstbehauptung-rhein-main.de\/wp-content\/uploads\/2016\/04\/themaTODistNICHTtabu.pdf\" target=\"_blank\" rel=\"noopener noreferrer\"><em>Thema Tod nicht tabuisieren<\/em><\/a><\/strong> (PDF)<\/p>\n<p>Allgemeine Zeitung Ingelheim, 13. November 2012<\/p>\n<hr \/>\n","protected":false},"excerpt":{"rendered":"<p>Selbstverteidigung Das Handy als Waffe benutzen Selbstverteidigungkurs f\u00fcr Frauen Allgemeine Zeitung Ingelheim, 18. Juni 2016 Zu den Selbstverteidigungskursen f\u00fcr Frauen Selbstbehauptung \u00a0Das richtige tun in brenzligen Situationen op-online, 10. Mai 2023 \u00a0Selbstbehauptungskurse waren ein voller Erfolg SGBO, 20. September 2022 \u00a0Selbstbehauptungskurs in der Ingelheimer Kita Schatzkiste Allgemeine Zeitung Ingelheim, 17. Mai 2022 \u00a0Die Kinder stark [&hellip;]<\/p>\n","protected":false},"author":1,"featured_media":0,"parent":0,"menu_order":0,"comment_status":"closed","ping_status":"closed","template":"","meta":{"footnotes":""},"class_list":["post-11","page","type-page","status-publish","hentry"],"_links":{"self":[{"href":"http:\/\/selbstbehauptung-rhein-main.de\/index.php?rest_route=\/wp\/v2\/pages\/11","targetHints":{"allow":["GET"]}}],"collection":[{"href":"http:\/\/selbstbehauptung-rhein-main.de\/index.php?rest_route=\/wp\/v2\/pages"}],"about":[{"href":"http:\/\/selbstbehauptung-rhein-main.de\/index.php?rest_route=\/wp\/v2\/types\/page"}],"author":[{"embeddable":true,"href":"http:\/\/selbstbehauptung-rhein-main.de\/index.php?rest_route=\/wp\/v2\/users\/1"}],"replies":[{"embeddable":true,"href":"http:\/\/selbstbehauptung-rhein-main.de\/index.php?rest_route=%2Fwp%2Fv2%2Fcomments&post=11"}],"version-history":[{"count":48,"href":"http:\/\/selbstbehauptung-rhein-main.de\/index.php?rest_route=\/wp\/v2\/pages\/11\/revisions"}],"predecessor-version":[{"id":854,"href":"http:\/\/selbstbehauptung-rhein-main.de\/index.php?rest_route=\/wp\/v2\/pages\/11\/revisions\/854"}],"wp:attachment":[{"href":"http:\/\/selbstbehauptung-rhein-main.de\/index.php?rest_route=%2Fwp%2Fv2%2Fmedia&parent=11"}],"curies":[{"name":"wp","href":"https:\/\/api.w.org\/{rel}","templated":true}]}}